{"id":3,"date":"2008-08-04T12:10:29","date_gmt":"2008-08-04T11:10:29","guid":{"rendered":"http:\/\/www.kalisce.com\/blog\/o-kaliscu\/"},"modified":"2014-06-03T11:57:51","modified_gmt":"2014-06-03T10:57:51","slug":"o-kaliscu","status":"publish","type":"page","link":"https:\/\/kalisce.com\/blog\/o-kaliscu\/","title":{"rendered":"O Kali\u0161\u010du"},"content":{"rendered":"<p><strong>Spo\u0161tovani obiskovalci Kali\u0161\u010da<\/strong>!<\/p>\n<p><strong> Ko\u010da na Kali\u0161\u010du je od 6. junija naprej stalno odprta (do sredine septembra).<\/strong><\/p>\n<p><strong>Dom na Kali\u0161\u010du<\/strong><br \/>\nBa\u0161elj 38<br \/>\n4205 Preddvor<br \/>\n041 614 586<\/p>\n<div style=\"width: 210px\" class=\"wp-caption alignleft\"><a href=\"http:\/\/www.kalisce.com\/slokalisu\/mapa-hrbetv.jpg\"><img loading=\"lazy\" decoding=\"async\" title=\"\u010cB Slika\" alt=\"Slika\" src=\"http:\/\/www.kalisce.com\/slokalisu\/mapa-hrbetm.jpg\" width=\"200\" height=\"120\" \/><\/a><p class=\"wp-caption-text\">Slika ko\u010de<\/p><\/div>\n<p>Dom stoji na razglednem jugozahodnem podalj\u0161ku slemena Ba\u0161eljskega vrha nad nekdanjo planino Kali\u0161\u010de. Dom je ob svoji 60-letnici zgradilo PD Kranj in ga odprlo 2. avgusta 1959. Temeljito so ga obnovili v letih 1980-1982. Dom je odprt od srede junija, do konca septembra, izven tega \u010dasa pa ob sobotah, nedeljah in praznikih.<\/p>\n<p>Na zemljevidu se vidi dostop do Kali\u0161\u010da. Po lokalni cesti gremo od Preddvora do Ma\u010d (1,5 km), ali do Ba\u0161lja (3,5 km), od koder je do doma 2h30. Iz Preddvora skozi Ma\u010de je 2h45; iz Preddvora \u010dez Jakob, Javorov vrh in Zaplato je 4h; iz Ba\u0161lja po kurirski poti \u010dez Gradi\u0161\u010de in mimo partizanske bolnice Ko\u0161ute je 2h15; iz Kokre mimo Doma \u010cem\u0161enik ter \u010dez Javorov vrh in Zaplato je pa 3h30.<\/p>\n<p>TURE IN IZLETI: Stor\u017ei\u010d (2132m), 1h45; Ba\u0161eljski vrh (1744m), 30 minut; Mali Grintovec (1813m), 1h; Srednji vrh (1853m), 2h; Zaplata (1820m), 2h; Tolsti vrh(1715m), po ju\u017enem pobo\u010dju Stor\u017ei\u010da \u010dez planino Javornik ter Veliko in Malo Poljano, 3h30; Veliki Javornik ali \u017deniklovec (1715m) \u010dez Ba\u0161eljski in Javorni\u0161ki preval, 2h30.<\/p>\n<p>RAZGLEDI: S terase pred domom je lep pogled na gorenjsko ravnino, na gore, ki jo oklepajo in \u0161e naprej. Na vzhodu vidimo v bli\u017eini Srednji vrh in travnato pobo\u010dje Zaplate, zadaj pa ju\u017eni del Grintovcev s Kal\u0161kim grebenom in Krvavcem; na jugu in proti zahodu je pod nami gorenjska ravnina od ljubljanske strani do Bleda s Kranjem, Radovljico in drugimi kraji, razgled pa sega \u0161e naprej proti jugu prek Polhograjskega hribovja do Javornikov in Sne\u017enika; od juga proti zahodu se nad gorenjsko ravnino dvigajo \u0160kofjelo\u0161ko pogorje, Jelovica in Pokljuka, zadaj pa vidimo celotno panoramo vzhodnih Julijcev s Triglavom; proti zahodu zakrivajo \u0161ir\u0161i razgled bli\u017enja ju\u017ena pobo\u010dja Stor\u017ei\u010da in Tolstega vrha; na severu se tik nad domom dviga piramida Stor\u017ei\u010da; vzhodno od nje pa sta ni\u017eja Ba\u0161eljski vrh in Mali Grintovec.<\/p>\n\n\t\t<style type=\"text\/css\">\n\t\t\t#gallery-1 {\n\t\t\t\tmargin: auto;\n\t\t\t}\n\t\t\t#gallery-1 .gallery-item {\n\t\t\t\tfloat: left;\n\t\t\t\tmargin-top: 10px;\n\t\t\t\ttext-align: center;\n\t\t\t\twidth: 33%;\n\t\t\t}\n\t\t\t#gallery-1 img {\n\t\t\t\tborder: 2px solid #cfcfcf;\n\t\t\t}\n\t\t\t#gallery-1 .gallery-caption {\n\t\t\t\tmargin-left: 0;\n\t\t\t}\n\t\t\t\/* see gallery_shortcode() in wp-includes\/media.php *\/\n\t\t<\/style>\n\t\t<div id='gallery-1' class='gallery galleryid-3 gallery-columns-3 gallery-size-thumbnail'><dl class='gallery-item'>\n\t\t\t<dt class='gallery-icon portrait'>\n\t\t\t\t<a href='https:\/\/kalisce.com\/blog\/o-kaliscu\/stor_zemlj_m1\/'><img loading=\"lazy\" decoding=\"async\" width=\"122\" height=\"150\" src=\"https:\/\/kalisce.com\/blog\/wp-content\/uploads\/2008\/08\/stor_zemlj_m1-122x150.jpg\" class=\"attachment-thumbnail size-thumbnail\" alt=\"\" aria-describedby=\"gallery-1-15\" srcset=\"https:\/\/kalisce.com\/blog\/wp-content\/uploads\/2008\/08\/stor_zemlj_m1-122x150.jpg 122w, https:\/\/kalisce.com\/blog\/wp-content\/uploads\/2008\/08\/stor_zemlj_m1-244x300.jpg 244w, https:\/\/kalisce.com\/blog\/wp-content\/uploads\/2008\/08\/stor_zemlj_m1.jpg 1200w\" sizes=\"(max-width: 122px) 100vw, 122px\" \/><\/a>\n\t\t\t<\/dt>\n\t\t\t\t<dd class='wp-caption-text gallery-caption' id='gallery-1-15'>\n\t\t\t\tZemljevid &#8211; o\u017eje podro\u010dje\n\t\t\t\t<\/dd><\/dl><dl class='gallery-item'>\n\t\t\t<dt class='gallery-icon landscape'>\n\t\t\t\t<a href='https:\/\/kalisce.com\/blog\/o-kaliscu\/stor_zemlj_v\/'><img loading=\"lazy\" decoding=\"async\" width=\"150\" height=\"94\" src=\"https:\/\/kalisce.com\/blog\/wp-content\/uploads\/2008\/08\/stor_zemlj_v-150x94.jpg\" class=\"attachment-thumbnail size-thumbnail\" alt=\"\" aria-describedby=\"gallery-1-16\" srcset=\"https:\/\/kalisce.com\/blog\/wp-content\/uploads\/2008\/08\/stor_zemlj_v-150x94.jpg 150w, https:\/\/kalisce.com\/blog\/wp-content\/uploads\/2008\/08\/stor_zemlj_v-300x189.jpg 300w, https:\/\/kalisce.com\/blog\/wp-content\/uploads\/2008\/08\/stor_zemlj_v.jpg 1200w\" sizes=\"(max-width: 150px) 100vw, 150px\" \/><\/a>\n\t\t\t<\/dt>\n\t\t\t\t<dd class='wp-caption-text gallery-caption' id='gallery-1-16'>\n\t\t\t\tZemljevid &#8211; \u0161ir\u0161a okolica\n\t\t\t\t<\/dd><\/dl>\n\t\t\t<br style='clear: both' \/>\n\t\t<\/div>\n\n<div style=\"text-align: center; font-size: 10px; color: #999;\"><script type=\"text\/javascript\" src=\"http:\/\/vreme.zurnal24.si\/widget\/javascript\/si\/temnomodra\/220px\/16\/kalisce-dom-na-kaliscu\/\"><\/script><br \/>\n(c) <a style=\"font-size: 10px; color: #999;\" title=\"Vreme - sve\u017ea vremenska napoved za va\u0161 kraj, Slovenijo in svet\" href=\"http:\/\/vreme.zurnal24.si\/slovenija\/?utm_source=blogi&amp;utm_medium=widget&amp;utm_campaign=klik-spodajlevo\" target=\"_blank\">Vreme.net<\/a> \/ <a style=\"font-size: 10px; color: #999;\" title=\"Namestite vreme-widget tudi na va\u0161o spletno stran\" href=\"http:\/\/vreme.zurnal24.si\/orodja\/?utm_source=blogi&amp;utm_medium=widget&amp;utm_campaign=klik-spodajdesno\" target=\"_blank\">Vreme na va\u0161i strani<\/a><\/div>\n","protected":false},"excerpt":{"rendered":"<p>Spo\u0161tovani obiskovalci Kali\u0161\u010da! Ko\u010da na Kali\u0161\u010du je od 6. junija naprej stalno odprta (do sredine septembra). Dom na Kali\u0161\u010du Ba\u0161elj 38 4205 Preddvor 041 614 586 Dom stoji na razglednem jugozahodnem podalj\u0161ku slemena Ba\u0161eljskega vrha nad nekdanjo planino Kali\u0161\u010de. Dom je ob svoji 60-letnici zgradilo PD Kranj in ga odprlo 2. avgusta 1959. Temeljito so [&hellip;]<\/p>\n","protected":false},"author":1,"featured_media":0,"parent":0,"menu_order":1,"comment_status":"open","ping_status":"open","template":"","meta":{"footnotes":""},"_links":{"self":[{"href":"https:\/\/kalisce.com\/blog\/wp-json\/wp\/v2\/pages\/3"}],"collection":[{"href":"https:\/\/kalisce.com\/blog\/wp-json\/wp\/v2\/pages"}],"about":[{"href":"https:\/\/kalisce.com\/blog\/wp-json\/wp\/v2\/types\/page"}],"author":[{"embeddable":true,"href":"https:\/\/kalisce.com\/blog\/wp-json\/wp\/v2\/users\/1"}],"replies":[{"embeddable":true,"href":"https:\/\/kalisce.com\/blog\/wp-json\/wp\/v2\/comments?post=3"}],"version-history":[{"count":21,"href":"https:\/\/kalisce.com\/blog\/wp-json\/wp\/v2\/pages\/3\/revisions"}],"predecessor-version":[{"id":3688,"href":"https:\/\/kalisce.com\/blog\/wp-json\/wp\/v2\/pages\/3\/revisions\/3688"}],"wp:attachment":[{"href":"https:\/\/kalisce.com\/blog\/wp-json\/wp\/v2\/media?parent=3"}],"curies":[{"name":"wp","href":"https:\/\/api.w.org\/{rel}","templated":true}]}}